{"id":648,"date":"2025-01-17T10:24:08","date_gmt":"2025-01-17T09:24:08","guid":{"rendered":"https:\/\/archersdusoleilfrontignan.fr\/cms\/?page_id=648"},"modified":"2025-12-23T16:01:39","modified_gmt":"2025-12-23T15:01:39","slug":"bourse-aux-arcs","status":"publish","type":"page","link":"https:\/\/archersdusoleilfrontignan.fr\/cms\/bourse-aux-arcs\/","title":{"rendered":"BOURSE AUX ARCS"},"content":{"rendered":"<h4><img loading=\"lazy\" decoding=\"async\" class=\"alignnone size-full wp-image-656\" src=\"https:\/\/archersdusoleilfrontignan.fr\/cms\/wp-content\/uploads\/titreBourse.png\" alt=\"\" width=\"230\" height=\"62\" \/><\/h4>\n<hr \/>\n<h4>Bourse r\u00e9serv\u00e9e aux archers du soleil pour la vente de mat\u00e9riel d&rsquo;archerie exclusivement.<\/h4>\n<h4>Pour chaque annonce proposer un texte avec le contact et si n\u00e9cessaire une photo.<\/h4>\n<hr \/>\n<p>&nbsp;<\/p>\n<p><strong>ANNONCE N\u00b02025-04<\/strong><\/p>\n<div class=\"gmail_quote gmail_quote_container\">\n<div class=\"gmail_quote\">\n<div dir=\"ltr\">\n<div class=\"gmail_quote\">\n<div>A vendre\u00a0 XT 3000 et la malette bow guard.<\/div>\n<div>Proelite XT 3000 gaucher<\/div>\n<div>Weight : 40_50<\/div>\n<div>Length : 28_28.5<\/div>\n<div>String : 54.25<\/div>\n<div>Eccentric Cam &amp;1\/2 system bows<\/div>\n<div><strong>Le tout : 500 euros\u00a0<\/strong><\/div>\n<div>Contact Paul Cabiro 06 83 45 49 98<\/div>\n<div><img loading=\"lazy\" decoding=\"async\" class=\"alignnone size-full wp-image-1023\" src=\"https:\/\/archersdusoleilfrontignan.fr\/cms\/wp-content\/uploads\/A5Proelite.jpg\" alt=\"\" width=\"800\" height=\"329\" srcset=\"https:\/\/archersdusoleilfrontignan.fr\/cms\/wp-content\/uploads\/A5Proelite.jpg 800w, https:\/\/archersdusoleilfrontignan.fr\/cms\/wp-content\/uploads\/A5Proelite-300x123.jpg 300w, https:\/\/archersdusoleilfrontignan.fr\/cms\/wp-content\/uploads\/A5Proelite-768x316.jpg 768w, https:\/\/archersdusoleilfrontignan.fr\/cms\/wp-content\/uploads\/A5Proelite-360x148.jpg 360w\" sizes=\"auto, (max-width: 800px) 100vw, 800px\" \/><\/div>\n<\/div>\n<\/div>\n<\/div>\n<\/div>\n<hr \/>\n<p><strong>ANNONCE N\u00b02025-03<\/strong><\/p>\n<p><span style=\"font-family: Arial, sans-serif;\"><span style=\"font-size: medium;\">Vente de mat\u00e9riel\u00a0 \u00a0Voir photos\u00a0 \u00a0 prix en baisse<\/span><\/span><\/p>\n<p><span style=\"font-family: Arial, sans-serif;\"><span style=\"font-size: medium;\">Poign\u00e9e Hoyt horizon, Branches Pr\u00e9lude, puissance 28 \u00e0 31 livres, Viseur Arc System, hauteur arc 160<\/span><\/span><\/p>\n<p><span style=\"font-family: Arial, sans-serif;\"><span style=\"font-size: medium;\">7 fl\u00e8ches carbone neuves<\/span><\/span><\/p>\n<p><span style=\"font-family: Arial, sans-serif;\"><span style=\"font-size: medium;\">Possibilit\u00e9s d&rsquo;essais sur place (\u00e0 20 m\u00e8tres) \u00e0 Balaruc les Bains.<\/span><\/span><\/p>\n<p><strong><span style=\"font-family: Arial, sans-serif;\"><span style=\"font-size: medium;\">Le tout pour <\/span><\/span><\/strong><span style=\"font-family: Arial, sans-serif;\"><span style=\"font-size: medium;\"><del>350<\/del><\/span><\/span><strong><span style=\"font-family: Arial, sans-serif;\"><span style=\"font-size: medium;\">\u00a0 250 euros<\/span><\/span><\/strong><\/p>\n<p><span style=\"font-family: Arial, sans-serif;\"><span style=\"font-size: medium;\">Contact Jean 06 84 58 81 53<\/span><\/span><\/p>\n<p><img loading=\"lazy\" decoding=\"async\" class=\"alignnone size-large wp-image-873\" src=\"https:\/\/archersdusoleilfrontignan.fr\/cms\/wp-content\/uploads\/A3JeanArc-1024x197.jpg\" alt=\"\" width=\"640\" height=\"123\" srcset=\"https:\/\/archersdusoleilfrontignan.fr\/cms\/wp-content\/uploads\/A3JeanArc-1024x197.jpg 1024w, https:\/\/archersdusoleilfrontignan.fr\/cms\/wp-content\/uploads\/A3JeanArc-300x58.jpg 300w, https:\/\/archersdusoleilfrontignan.fr\/cms\/wp-content\/uploads\/A3JeanArc-768x147.jpg 768w, https:\/\/archersdusoleilfrontignan.fr\/cms\/wp-content\/uploads\/A3JeanArc-1536x295.jpg 1536w, https:\/\/archersdusoleilfrontignan.fr\/cms\/wp-content\/uploads\/A3JeanArc-360x69.jpg 360w, https:\/\/archersdusoleilfrontignan.fr\/cms\/wp-content\/uploads\/A3JeanArc.jpg 1875w\" sizes=\"auto, (max-width: 640px) 100vw, 640px\" \/><\/p>\n<p>&nbsp;<\/p>\n<hr \/>\n<p><strong>ANNONCE N\u00b02025-02<\/strong><\/p>\n<p><span style=\"font-family: Arial, sans-serif;\"><span style=\"font-size: medium;\">Arc \u00ab chasse \u00bb recurve droitier d\u00e9montable\u00a0 \u00a0 \u00a0 \u00a0 \u00a0 \u00a0 \u00a0<strong> <span style=\"color: #ff6600;\">VENDU<\/span><\/strong><\/span><\/span><\/p>\n<p><span style=\"font-family: Arial, sans-serif;\"><span style=\"font-size: medium;\">TOMASINE <\/span><\/span><span style=\"font-family: Arial, sans-serif;\"><span style=\"font-size: medium;\">Chek-Mat Canada<\/span><\/span><\/p>\n<p><span style=\"font-family: Arial, sans-serif;\"><span style=\"font-size: medium;\">Longueur : 62 pouces\u00a0 <\/span><\/span><span style=\"font-family: Arial, sans-serif;\"><span style=\"font-size: medium;\">Puissance\u00a0: 46 livres \u00e0 28 pouces<\/span><\/span><\/p>\n<p><span style=\"font-family: Arial, sans-serif;\"><span style=\"font-size: medium;\">vendu avec 5 fl\u00e8ches <\/span><\/span><span style=\"font-size: medium; font-family: Arial, sans-serif;\">Easton XX75 2016, 30 pouces<\/span><\/p>\n<p><span style=\"font-family: Arial, sans-serif;\"><span style=\"font-size: medium;\"><b>Prix\u00a0: 150 euros<\/b><\/span><\/span><\/p>\n<p><span style=\"font-family: Arial, sans-serif;\"><span style=\"font-size: medium;\">Pierre 06 52 55 66 47<\/span><\/span><\/p>\n<p>&nbsp;<\/p>\n<hr \/>\n<p><strong>ANNONCE N\u00b02025-01<\/strong><\/p>\n<p>&nbsp;<\/p>\n","protected":false},"excerpt":{"rendered":"<p>Bourse r\u00e9serv\u00e9e aux archers du soleil pour la vente de mat\u00e9riel d&rsquo;archerie exclusivement. Pour chaque annonce proposer un texte avec le contact et si n\u00e9cessaire une photo. &nbsp; ANNONCE N\u00b02025-04 A vendre\u00a0 XT 3000 et la malette bow guard. Proelite&hellip;&nbsp;<a href=\"https:\/\/archersdusoleilfrontignan.fr\/cms\/bourse-aux-arcs\/\" class=\"more-link\">Lire la suite<\/a><\/p>\n","protected":false},"author":1,"featured_media":0,"parent":0,"menu_order":0,"comment_status":"closed","ping_status":"closed","template":"templates\/full-width.php","meta":{"footnotes":""},"class_list":["post-648","page","type-page","status-publish","hentry"],"_links":{"self":[{"href":"https:\/\/archersdusoleilfrontignan.fr\/cms\/wp-json\/wp\/v2\/pages\/648","targetHints":{"allow":["GET"]}}],"collection":[{"href":"https:\/\/archersdusoleilfrontignan.fr\/cms\/wp-json\/wp\/v2\/pages"}],"about":[{"href":"https:\/\/archersdusoleilfrontignan.fr\/cms\/wp-json\/wp\/v2\/types\/page"}],"author":[{"embeddable":true,"href":"https:\/\/archersdusoleilfrontignan.fr\/cms\/wp-json\/wp\/v2\/users\/1"}],"replies":[{"embeddable":true,"href":"https:\/\/archersdusoleilfrontignan.fr\/cms\/wp-json\/wp\/v2\/comments?post=648"}],"version-history":[{"count":35,"href":"https:\/\/archersdusoleilfrontignan.fr\/cms\/wp-json\/wp\/v2\/pages\/648\/revisions"}],"predecessor-version":[{"id":1024,"href":"https:\/\/archersdusoleilfrontignan.fr\/cms\/wp-json\/wp\/v2\/pages\/648\/revisions\/1024"}],"wp:attachment":[{"href":"https:\/\/archersdusoleilfrontignan.fr\/cms\/wp-json\/wp\/v2\/media?parent=648"}],"curies":[{"name":"wp","href":"https:\/\/api.w.org\/{rel}","templated":true}]}}