{"id":418,"date":"2024-12-18T18:20:40","date_gmt":"2024-12-18T17:20:40","guid":{"rendered":"https:\/\/archersdusoleilfrontignan.fr\/cms\/?page_id=418"},"modified":"2024-12-19T12:55:45","modified_gmt":"2024-12-19T11:55:45","slug":"meteo","status":"publish","type":"page","link":"https:\/\/archersdusoleilfrontignan.fr\/cms\/meteo\/","title":{"rendered":"M\u00c9T\u00c9O"},"content":{"rendered":"<p><img loading=\"lazy\" decoding=\"async\" class=\"alignnone size-full wp-image-527\" src=\"https:\/\/archersdusoleilfrontignan.fr\/cms\/wp-content\/uploads\/titreMeteo.png\" alt=\"\" width=\"165\" height=\"60\" \/><\/p>\n<p><em>Cliquer sur le lien ou le logo pour ouvrir le site choisi dans une nouvelle fen\u00eatre<\/em><\/p>\n<hr \/>\n<p><a href=\"https:\/\/www.my-meteo.com\/meteo-france\/frontignan\/\" target=\"_blank\" rel=\"noopener\"><span style=\"text-decoration: underline;\"><strong><span style=\"color: #0000ff; text-decoration: underline;\">Lien vers le site mymeteo.com<\/span><\/strong><\/span><\/a>, pour des pr\u00e9visions \u00e0 Frontignan :<\/p>\n<p><a href=\"https:\/\/www.my-meteo.com\/meteo-france\/frontignan\/\" target=\"_blank\" rel=\"noopener\"><img loading=\"lazy\" decoding=\"async\" class=\"alignnone size-full wp-image-421\" src=\"https:\/\/archersdusoleilfrontignan.fr\/cms\/wp-content\/uploads\/myMeteo.png\" alt=\"\" width=\"473\" height=\"75\" srcset=\"https:\/\/archersdusoleilfrontignan.fr\/cms\/wp-content\/uploads\/myMeteo.png 473w, https:\/\/archersdusoleilfrontignan.fr\/cms\/wp-content\/uploads\/myMeteo-300x48.png 300w, https:\/\/archersdusoleilfrontignan.fr\/cms\/wp-content\/uploads\/myMeteo-360x57.png 360w\" sizes=\"auto, (max-width: 473px) 100vw, 473px\" \/><\/a><\/p>\n<hr \/>\n<p><span style=\"text-decoration: underline; color: #0000ff;\"><strong><a style=\"color: #0000ff; text-decoration: underline;\" href=\"https:\/\/www.lachainemeteo.com\/meteo-france\/ville-11794\/previsions-meteo-frontignan-aujourdhui\" target=\"_blank\" rel=\"noopener\">Lien vers le site La Cha\u00eene m\u00e9t\u00e9o<\/a><\/strong><\/span><span style=\"color: #0000ff;\"><span style=\"color: #000000;\">, pour des pr\u00e9visions \u00e0 Frontignan :<\/span><\/span><\/p>\n<p><a href=\"https:\/\/www.lachainemeteo.com\/meteo-france\/ville-11794\/previsions-meteo-frontignan-aujourdhui\" target=\"_blank\" rel=\"noopener\"><img loading=\"lazy\" decoding=\"async\" class=\"alignnone size-full wp-image-446\" src=\"https:\/\/archersdusoleilfrontignan.fr\/cms\/wp-content\/uploads\/logoChaineMeteo.png\" alt=\"\" width=\"200\" height=\"112\" \/><\/a><\/p>\n<hr \/>\n<p><span style=\"text-decoration: underline; color: #0000ff;\"><strong><a style=\"color: #0000ff; text-decoration: underline;\" href=\"https:\/\/meteofrance.com\/previsions-meteo-france\/frontignan\/34110\" target=\"_blank\" rel=\"noopener\">Lien vers le site M\u00e9t\u00e9o France<\/a><\/strong><\/span>, pour des pr\u00e9visions \u00e0 Frontignan<\/p>\n<p><a href=\"https:\/\/meteofrance.com\/previsions-meteo-france\/frontignan\/34110\" target=\"_blank\" rel=\"noopener\"><img loading=\"lazy\" decoding=\"async\" class=\"alignnone size-full wp-image-448\" src=\"https:\/\/archersdusoleilfrontignan.fr\/cms\/wp-content\/uploads\/LogoMeteoFrance.png\" alt=\"\" width=\"200\" height=\"200\" srcset=\"https:\/\/archersdusoleilfrontignan.fr\/cms\/wp-content\/uploads\/LogoMeteoFrance.png 200w, https:\/\/archersdusoleilfrontignan.fr\/cms\/wp-content\/uploads\/LogoMeteoFrance-150x150.png 150w\" sizes=\"auto, (max-width: 200px) 100vw, 200px\" \/><\/a><\/p>\n","protected":false},"excerpt":{"rendered":"<p>Cliquer sur le lien ou le logo pour ouvrir le site choisi dans une nouvelle fen\u00eatre Lien vers le site mymeteo.com, pour des pr\u00e9visions \u00e0 Frontignan : Lien vers le site La Cha\u00eene m\u00e9t\u00e9o, pour des pr\u00e9visions \u00e0 Frontignan :&hellip;&nbsp;<a href=\"https:\/\/archersdusoleilfrontignan.fr\/cms\/meteo\/\" class=\"more-link\">Lire la suite<\/a><\/p>\n","protected":false},"author":1,"featured_media":0,"parent":0,"menu_order":0,"comment_status":"closed","ping_status":"closed","template":"templates\/full-width.php","meta":{"footnotes":""},"class_list":["post-418","page","type-page","status-publish","hentry"],"_links":{"self":[{"href":"https:\/\/archersdusoleilfrontignan.fr\/cms\/wp-json\/wp\/v2\/pages\/418","targetHints":{"allow":["GET"]}}],"collection":[{"href":"https:\/\/archersdusoleilfrontignan.fr\/cms\/wp-json\/wp\/v2\/pages"}],"about":[{"href":"https:\/\/archersdusoleilfrontignan.fr\/cms\/wp-json\/wp\/v2\/types\/page"}],"author":[{"embeddable":true,"href":"https:\/\/archersdusoleilfrontignan.fr\/cms\/wp-json\/wp\/v2\/users\/1"}],"replies":[{"embeddable":true,"href":"https:\/\/archersdusoleilfrontignan.fr\/cms\/wp-json\/wp\/v2\/comments?post=418"}],"version-history":[{"count":8,"href":"https:\/\/archersdusoleilfrontignan.fr\/cms\/wp-json\/wp\/v2\/pages\/418\/revisions"}],"predecessor-version":[{"id":530,"href":"https:\/\/archersdusoleilfrontignan.fr\/cms\/wp-json\/wp\/v2\/pages\/418\/revisions\/530"}],"wp:attachment":[{"href":"https:\/\/archersdusoleilfrontignan.fr\/cms\/wp-json\/wp\/v2\/media?parent=418"}],"curies":[{"name":"wp","href":"https:\/\/api.w.org\/{rel}","templated":true}]}}