{"id":385,"date":"2024-12-18T17:22:37","date_gmt":"2024-12-18T16:22:37","guid":{"rendered":"https:\/\/archersdusoleilfrontignan.fr\/cms\/?page_id=385"},"modified":"2025-01-17T10:15:00","modified_gmt":"2025-01-17T09:15:00","slug":"contacts","status":"publish","type":"page","link":"https:\/\/archersdusoleilfrontignan.fr\/cms\/contacts\/","title":{"rendered":"CONTACTS"},"content":{"rendered":"<p><img loading=\"lazy\" decoding=\"async\" class=\"alignnone size-full wp-image-522\" src=\"https:\/\/archersdusoleilfrontignan.fr\/cms\/wp-content\/uploads\/titreContact.png\" alt=\"\" width=\"189\" height=\"52\" \/><\/p>\n<hr \/>\n<p>Adresse e-mail du club : <span style=\"text-decoration: underline;\"><strong><span style=\"color: #0000ff;\"><a style=\"color: #0000ff; text-decoration: underline;\" href=\"mailto:lesarchersdusoleil@gmail.com\">lesarchersdusoleil@gmail.com<\/a><\/span><\/strong><\/span><\/p>\n<p style=\"padding-left: 40px;\"><span style=\"text-decoration: underline;\"><span style=\"color: #0000ff; text-decoration: underline;\"><strong><img loading=\"lazy\" decoding=\"async\" class=\"alignleft wp-image-77 size-full\" src=\"https:\/\/archersdusoleilfrontignan.fr\/cms\/wp-content\/uploads\/flecheBullet.png\" alt=\"\" width=\"100\" height=\"20\" \/><\/strong><\/span><\/span><span style=\"color: #0000ff;\"><span style=\"color: #000000;\">Pr\u00e9sidente : Yolande Communaudat &#8211; 06.11.51.01.43<\/span><\/span><\/p>\n<p style=\"padding-left: 40px;\"><u><\/u><strong><u><img loading=\"lazy\" decoding=\"async\" class=\"size-full wp-image-77 alignleft\" src=\"https:\/\/archersdusoleilfrontignan.fr\/cms\/wp-content\/uploads\/flecheBullet.png\" alt=\"\" width=\"100\" height=\"20\" \/><\/u><\/strong><span style=\"color: #000000;\">Secr\u00e9taire : Sylvie Martins &#8211; 06.21.61.58.89<\/span><\/p>\n<p style=\"padding-left: 40px;\"><span style=\"color: #0000ff;\"><strong><u><\/u><u><a style=\"color: #0000ff; text-decoration: underline;\" href=\"https:\/\/archersdusoleilfrontignan.fr\/cms\/informations\/tarifs-inscriptions\/\"><img loading=\"lazy\" decoding=\"async\" class=\"size-full wp-image-77 alignleft\" src=\"https:\/\/archersdusoleilfrontignan.fr\/cms\/wp-content\/uploads\/flecheBullet.png\" alt=\"\" width=\"100\" height=\"20\" \/><\/a><\/u><\/strong><span style=\"color: #000000;\">Tr\u00e9sorier et webmaster : Pierre Beauchaud &#8211; 06.52.55.66.47<\/span><\/span><\/p>\n<p>&nbsp;<\/p>\n<h4><a href=\"https:\/\/archersdusoleilfrontignan.fr\/cms\/soleil34\/\">acc\u00e8s r\u00e9serv\u00e9<\/a><\/h4>\n","protected":false},"excerpt":{"rendered":"<p>Adresse e-mail du club : lesarchersdusoleil@gmail.com Pr\u00e9sidente : Yolande Communaudat &#8211; 06.11.51.01.43 Secr\u00e9taire : Sylvie Martins &#8211; 06.21.61.58.89 Tr\u00e9sorier et webmaster : Pierre Beauchaud &#8211; 06.52.55.66.47 &nbsp; acc\u00e8s r\u00e9serv\u00e9<\/p>\n","protected":false},"author":1,"featured_media":0,"parent":0,"menu_order":0,"comment_status":"closed","ping_status":"closed","template":"templates\/full-width.php","meta":{"footnotes":""},"class_list":["post-385","page","type-page","status-publish","hentry"],"_links":{"self":[{"href":"https:\/\/archersdusoleilfrontignan.fr\/cms\/wp-json\/wp\/v2\/pages\/385","targetHints":{"allow":["GET"]}}],"collection":[{"href":"https:\/\/archersdusoleilfrontignan.fr\/cms\/wp-json\/wp\/v2\/pages"}],"about":[{"href":"https:\/\/archersdusoleilfrontignan.fr\/cms\/wp-json\/wp\/v2\/types\/page"}],"author":[{"embeddable":true,"href":"https:\/\/archersdusoleilfrontignan.fr\/cms\/wp-json\/wp\/v2\/users\/1"}],"replies":[{"embeddable":true,"href":"https:\/\/archersdusoleilfrontignan.fr\/cms\/wp-json\/wp\/v2\/comments?post=385"}],"version-history":[{"count":5,"href":"https:\/\/archersdusoleilfrontignan.fr\/cms\/wp-json\/wp\/v2\/pages\/385\/revisions"}],"predecessor-version":[{"id":647,"href":"https:\/\/archersdusoleilfrontignan.fr\/cms\/wp-json\/wp\/v2\/pages\/385\/revisions\/647"}],"wp:attachment":[{"href":"https:\/\/archersdusoleilfrontignan.fr\/cms\/wp-json\/wp\/v2\/media?parent=385"}],"curies":[{"name":"wp","href":"https:\/\/api.w.org\/{rel}","templated":true}]}}