{"id":37,"date":"2024-07-04T11:36:03","date_gmt":"2024-07-04T09:36:03","guid":{"rendered":"https:\/\/archersdusoleilfrontignan.fr\/cms\/?page_id=37"},"modified":"2024-12-18T21:39:40","modified_gmt":"2024-12-18T20:39:40","slug":"informations","status":"publish","type":"page","link":"https:\/\/archersdusoleilfrontignan.fr\/cms\/informations\/","title":{"rendered":"INFORMATIONS"},"content":{"rendered":"<h2><img loading=\"lazy\" decoding=\"async\" class=\"alignnone size-full wp-image-462\" src=\"https:\/\/archersdusoleilfrontignan.fr\/cms\/wp-content\/uploads\/titreInfos-1.png\" alt=\"\" width=\"280\" height=\"58\" \/><\/h2>\n<hr \/>\n<p>Vous trouverez sur cette page quatre liens pour acc\u00e9der aux rubriques suivantes :<\/p>\n<p style=\"padding-left: 40px;\"><span style=\"text-decoration: underline;\"><span style=\"color: #0000ff;\"><strong><img loading=\"lazy\" decoding=\"async\" class=\"alignleft wp-image-77 size-full\" src=\"https:\/\/archersdusoleilfrontignan.fr\/cms\/wp-content\/uploads\/flecheBullet.png\" alt=\"\" width=\"100\" height=\"20\" \/><a style=\"color: #0000ff; text-decoration: underline;\" href=\"https:\/\/archersdusoleilfrontignan.fr\/cms\/informations\/tarifs-inscriptions\/\"><span style=\"color: #0000ff; text-decoration: underline;\">Tarifs et inscriptions<\/span><\/a><\/strong><\/span><\/span><\/p>\n<p style=\"padding-left: 40px;\"><u><\/u><strong><u><img loading=\"lazy\" decoding=\"async\" class=\"size-full wp-image-77 alignleft\" src=\"https:\/\/archersdusoleilfrontignan.fr\/cms\/wp-content\/uploads\/flecheBullet.png\" alt=\"\" width=\"100\" height=\"20\" \/><span style=\"color: #0000ff;\"><a style=\"color: #0000ff;\" href=\"https:\/\/archersdusoleilfrontignan.fr\/cms\/informations\/lieux-horaires\/\">Lieux et horaires<\/a><\/span><\/u><\/strong><\/p>\n<p style=\"padding-left: 40px;\"><span style=\"color: #0000ff;\"><strong><u><\/u><u><a style=\"color: #0000ff; text-decoration: underline;\" href=\"https:\/\/archersdusoleilfrontignan.fr\/cms\/informations\/tarifs-inscriptions\/\"><img loading=\"lazy\" decoding=\"async\" class=\"size-full wp-image-77 alignleft\" src=\"https:\/\/archersdusoleilfrontignan.fr\/cms\/wp-content\/uploads\/flecheBullet.png\" alt=\"\" width=\"100\" height=\"20\" \/><\/a><\/u><\/strong><a href=\"https:\/\/archersdusoleilfrontignan.fr\/cms\/informations\/organigramme\/\"><strong><u>Organigramme<\/u><\/strong><\/a><\/span><\/p>\n<p style=\"padding-left: 40px;\"><span style=\"color: #0000ff;\"><strong><u><\/u><u><img loading=\"lazy\" decoding=\"async\" class=\"size-full wp-image-77 alignleft\" src=\"https:\/\/archersdusoleilfrontignan.fr\/cms\/wp-content\/uploads\/flecheBullet.png\" alt=\"\" width=\"100\" height=\"20\" \/><\/u><\/strong><a href=\"https:\/\/archersdusoleilfrontignan.fr\/cms\/informations\/reglement-interieur\/\"><strong><u>R\u00e8glement int\u00e9rieur<\/u><\/strong><\/a><\/span><\/p>\n","protected":false},"excerpt":{"rendered":"<p>Vous trouverez sur cette page quatre liens pour acc\u00e9der aux rubriques suivantes : Tarifs et inscriptions Lieux et horaires Organigramme R\u00e8glement int\u00e9rieur<\/p>\n","protected":false},"author":1,"featured_media":0,"parent":0,"menu_order":0,"comment_status":"closed","ping_status":"closed","template":"","meta":{"footnotes":""},"class_list":["post-37","page","type-page","status-publish","hentry"],"_links":{"self":[{"href":"https:\/\/archersdusoleilfrontignan.fr\/cms\/wp-json\/wp\/v2\/pages\/37","targetHints":{"allow":["GET"]}}],"collection":[{"href":"https:\/\/archersdusoleilfrontignan.fr\/cms\/wp-json\/wp\/v2\/pages"}],"about":[{"href":"https:\/\/archersdusoleilfrontignan.fr\/cms\/wp-json\/wp\/v2\/types\/page"}],"author":[{"embeddable":true,"href":"https:\/\/archersdusoleilfrontignan.fr\/cms\/wp-json\/wp\/v2\/users\/1"}],"replies":[{"embeddable":true,"href":"https:\/\/archersdusoleilfrontignan.fr\/cms\/wp-json\/wp\/v2\/comments?post=37"}],"version-history":[{"count":27,"href":"https:\/\/archersdusoleilfrontignan.fr\/cms\/wp-json\/wp\/v2\/pages\/37\/revisions"}],"predecessor-version":[{"id":463,"href":"https:\/\/archersdusoleilfrontignan.fr\/cms\/wp-json\/wp\/v2\/pages\/37\/revisions\/463"}],"wp:attachment":[{"href":"https:\/\/archersdusoleilfrontignan.fr\/cms\/wp-json\/wp\/v2\/media?parent=37"}],"curies":[{"name":"wp","href":"https:\/\/api.w.org\/{rel}","templated":true}]}}