{"id":358,"date":"2024-12-18T12:19:32","date_gmt":"2024-12-18T11:19:32","guid":{"rendered":"https:\/\/archersdusoleilfrontignan.fr\/cms\/?page_id=358"},"modified":"2025-10-17T20:17:42","modified_gmt":"2025-10-17T18:17:42","slug":"mandats","status":"publish","type":"page","link":"https:\/\/archersdusoleilfrontignan.fr\/cms\/competitions\/mandats\/","title":{"rendered":"MANDATS"},"content":{"rendered":"<p><img loading=\"lazy\" decoding=\"async\" class=\"alignnone size-full wp-image-508\" src=\"https:\/\/archersdusoleilfrontignan.fr\/cms\/wp-content\/uploads\/titreMandat.png\" alt=\"\" width=\"177\" height=\"60\" \/><\/p>\n<hr \/>\n<h3>Rencontres jeunes 2025\/2026<\/h3>\n<h3><span style=\"font-size: 16px;\">Mandats et r\u00e9sultats sur le site du CD34 <\/span><span style=\"text-decoration: underline;\"><strong><span style=\"color: #0000ff;\"><a style=\"color: #0000ff; text-decoration: underline;\" href=\"https:\/\/www.cd34tirarc.com\/rencontres-jeunes\/\" target=\"_blank\" rel=\"noopener\">en suivant ce lien<\/a><\/span><\/strong><\/span><span style=\"font-size: 16px;\"> (nouvelle fen\u00eatre)<\/span><\/h3>\n<p>&nbsp;<\/p>\n<h3>Comp\u00e9titions officielles saison 2025\/2026<\/h3>\n<p class=\"Corps-de-tableau-P\"><span style=\"color: #808080;\"><em><span class=\"Corps-de-tableau-C-C0\">Le nombre de comp\u00e9titions r\u00e9gionales \u00e9tant important depuis la fusion des ligues <\/span><span class=\"Corps-de-tableau-C-C0\">Languedoc Roussillon et Midi-Pyr\u00e9n\u00e9es il n&rsquo;est pas possible de r\u00e9pertorier tous les mandats utiles aux archers du club, de ce fait merci de rechercher les mandats par les moyens suivants :<\/span><\/em><\/span><\/p>\n<p>Mandats <strong>ARC-OCCITANIE<\/strong>, <span style=\"text-decoration: underline;\"><strong><span style=\"color: #0000ff;\"><a style=\"color: #0000ff; text-decoration: underline;\" href=\"https:\/\/arc-occitanie.fr\/competitions\/\" target=\"_blank\" rel=\"noopener\">suivre ce lien<\/a><\/span><\/strong><\/span> (nouvelle fen\u00eatre)<\/p>\n<p>Mandats <strong>FFTA<\/strong>, <span style=\"text-decoration: underline;\"><strong><span style=\"color: #0000ff;\"><a style=\"color: #0000ff; text-decoration: underline;\" href=\"https:\/\/www.ffta.fr\/competitions\" target=\"_blank\" rel=\"noopener\">suivre ce lien<\/a><\/span><\/strong><\/span> (nouvelle fen\u00eatre)<\/p>\n<p>&nbsp;<\/p>\n<p><a href=\"https:\/\/archersdusoleilfrontignan.fr\/cms\/competitions\/\"><img loading=\"lazy\" decoding=\"async\" class=\"alignnone size-full wp-image-102\" src=\"https:\/\/archersdusoleilfrontignan.fr\/cms\/wp-content\/uploads\/retour.png\" alt=\"\" width=\"149\" height=\"20\" \/><\/a><\/p>\n","protected":false},"excerpt":{"rendered":"<p>Rencontres jeunes 2025\/2026 Mandats et r\u00e9sultats sur le site du CD34 en suivant ce lien (nouvelle fen\u00eatre) &nbsp; Comp\u00e9titions officielles saison 2025\/2026 Le nombre de comp\u00e9titions r\u00e9gionales \u00e9tant important depuis la fusion des ligues Languedoc Roussillon et Midi-Pyr\u00e9n\u00e9es il n&rsquo;est&hellip;&nbsp;<a href=\"https:\/\/archersdusoleilfrontignan.fr\/cms\/competitions\/mandats\/\" class=\"more-link\">Lire la suite<\/a><\/p>\n","protected":false},"author":1,"featured_media":0,"parent":337,"menu_order":0,"comment_status":"closed","ping_status":"closed","template":"templates\/full-width.php","meta":{"footnotes":""},"class_list":["post-358","page","type-page","status-publish","hentry"],"_links":{"self":[{"href":"https:\/\/archersdusoleilfrontignan.fr\/cms\/wp-json\/wp\/v2\/pages\/358","targetHints":{"allow":["GET"]}}],"collection":[{"href":"https:\/\/archersdusoleilfrontignan.fr\/cms\/wp-json\/wp\/v2\/pages"}],"about":[{"href":"https:\/\/archersdusoleilfrontignan.fr\/cms\/wp-json\/wp\/v2\/types\/page"}],"author":[{"embeddable":true,"href":"https:\/\/archersdusoleilfrontignan.fr\/cms\/wp-json\/wp\/v2\/users\/1"}],"replies":[{"embeddable":true,"href":"https:\/\/archersdusoleilfrontignan.fr\/cms\/wp-json\/wp\/v2\/comments?post=358"}],"version-history":[{"count":9,"href":"https:\/\/archersdusoleilfrontignan.fr\/cms\/wp-json\/wp\/v2\/pages\/358\/revisions"}],"predecessor-version":[{"id":968,"href":"https:\/\/archersdusoleilfrontignan.fr\/cms\/wp-json\/wp\/v2\/pages\/358\/revisions\/968"}],"up":[{"embeddable":true,"href":"https:\/\/archersdusoleilfrontignan.fr\/cms\/wp-json\/wp\/v2\/pages\/337"}],"wp:attachment":[{"href":"https:\/\/archersdusoleilfrontignan.fr\/cms\/wp-json\/wp\/v2\/media?parent=358"}],"curies":[{"name":"wp","href":"https:\/\/api.w.org\/{rel}","templated":true}]}}