{"id":2,"date":"2024-06-20T18:50:55","date_gmt":"2024-06-20T16:50:55","guid":{"rendered":"http:\/\/archersdusoleilfrontignan.fr\/cms\/?page_id=2"},"modified":"2026-04-20T15:05:02","modified_gmt":"2026-04-20T13:05:02","slug":"accueil","status":"publish","type":"page","link":"https:\/\/archersdusoleilfrontignan.fr\/cms\/","title":{"rendered":"ACCUEIL"},"content":{"rendered":"<p><img loading=\"lazy\" decoding=\"async\" class=\"alignnone wp-image-713 size-full\" src=\"https:\/\/archersdusoleilfrontignan.fr\/cms\/wp-content\/uploads\/TitreActu2-2.png\" alt=\"\" width=\"585\" height=\"76\" srcset=\"https:\/\/archersdusoleilfrontignan.fr\/cms\/wp-content\/uploads\/TitreActu2-2.png 585w, https:\/\/archersdusoleilfrontignan.fr\/cms\/wp-content\/uploads\/TitreActu2-2-300x39.png 300w, https:\/\/archersdusoleilfrontignan.fr\/cms\/wp-content\/uploads\/TitreActu2-2-360x47.png 360w\" sizes=\"auto, (max-width: 585px) 100vw, 585px\" \/><\/p>\n<hr \/>\n<h4>20\/04\/2026 Tir du ROY le 1er mai 2026<\/h4>\n<p>&nbsp;<\/p>\n<hr \/>\n<h4>27\/03\/2026 Planning terrain\/salles \u00e0 compter du 1er avril 2026 et r\u00e8gles \u00e0 respecter<\/h4>\n<p>Voir l&rsquo;onglet <span style=\"color: #0000ff;\"><strong><a style=\"color: #0000ff;\" href=\"https:\/\/archersdusoleilfrontignan.fr\/cms\/informations\/lieux-horaires\/\" target=\"_blank\" rel=\"noopener\">Lieux et Horaires<\/a><\/strong><\/span><\/p>\n<hr \/>\n<h4>15\/03\/2026 Bravo \u00e0 notre \u00e9quipe mixte pour cette 3\u00e8me place au tournoi de Lunel<\/h4>\n<p><img loading=\"lazy\" decoding=\"async\" class=\"alignnone size-large wp-image-1079\" src=\"https:\/\/archersdusoleilfrontignan.fr\/cms\/wp-content\/uploads\/Lunel15Mars26-1024x704.jpg\" alt=\"\" width=\"640\" height=\"440\" srcset=\"https:\/\/archersdusoleilfrontignan.fr\/cms\/wp-content\/uploads\/Lunel15Mars26-1024x704.jpg 1024w, https:\/\/archersdusoleilfrontignan.fr\/cms\/wp-content\/uploads\/Lunel15Mars26-300x206.jpg 300w, https:\/\/archersdusoleilfrontignan.fr\/cms\/wp-content\/uploads\/Lunel15Mars26-768x528.jpg 768w, https:\/\/archersdusoleilfrontignan.fr\/cms\/wp-content\/uploads\/Lunel15Mars26-360x248.jpg 360w, https:\/\/archersdusoleilfrontignan.fr\/cms\/wp-content\/uploads\/Lunel15Mars26.jpg 1200w\" sizes=\"auto, (max-width: 640px) 100vw, 640px\" \/><\/p>\n<hr \/>\n<h4>30\/01\/2026 Concours des 24 (jeunes) et 25 (adultes) janvier \u00e0 Frontignan &#8211; Championnat d\u00e9partemental- grosse participation, 160 inscrits<\/h4>\n<p><span style=\"color: #0000ff;\"><strong><a style=\"color: #0000ff;\" href=\"https:\/\/www.flickr.com\/photos\/143592560@N02\/albums\/72177720331688666\/\" target=\"_blank\" rel=\"noopener\">(voir l&rsquo;album photos dans une nouvelle page)<\/a><\/strong><\/span><\/p>\n<p><img loading=\"lazy\" decoding=\"async\" class=\"alignnone size-full wp-image-1039\" src=\"https:\/\/archersdusoleilfrontignan.fr\/cms\/wp-content\/uploads\/Compet25Jan.jpg\" alt=\"\" width=\"534\" height=\"720\" srcset=\"https:\/\/archersdusoleilfrontignan.fr\/cms\/wp-content\/uploads\/Compet25Jan.jpg 534w, https:\/\/archersdusoleilfrontignan.fr\/cms\/wp-content\/uploads\/Compet25Jan-223x300.jpg 223w, https:\/\/archersdusoleilfrontignan.fr\/cms\/wp-content\/uploads\/Compet25Jan-200x270.jpg 200w\" sizes=\"auto, (max-width: 534px) 100vw, 534px\" \/><\/p>\n<h4><\/h4>\n<hr \/>\n<h4>09\/12\/2025 Concours des 6 et 7 d\u00e9cembre, notre deuxi\u00e8me concours a \u00e9galement \u00e9t\u00e9 un bon cru avec 89 inscrits<\/h4>\n<h4><span style=\"color: #0000ff;\"><a style=\"color: #0000ff;\" href=\"https:\/\/www.flickr.com\/photos\/143592560@N02\/albums\/72177720330803422\/\" target=\"_blank\" rel=\"noopener\">(voir l&rsquo;album photos dans une nouvelle page)<\/a><\/span><\/h4>\n<p><img loading=\"lazy\" decoding=\"async\" class=\"alignnone size-full wp-image-1003\" src=\"https:\/\/archersdusoleilfrontignan.fr\/cms\/wp-content\/uploads\/compet7Dec.jpg\" alt=\"\" width=\"800\" height=\"569\" srcset=\"https:\/\/archersdusoleilfrontignan.fr\/cms\/wp-content\/uploads\/compet7Dec.jpg 800w, https:\/\/archersdusoleilfrontignan.fr\/cms\/wp-content\/uploads\/compet7Dec-300x213.jpg 300w, https:\/\/archersdusoleilfrontignan.fr\/cms\/wp-content\/uploads\/compet7Dec-768x546.jpg 768w, https:\/\/archersdusoleilfrontignan.fr\/cms\/wp-content\/uploads\/compet7Dec-360x256.jpg 360w\" sizes=\"auto, (max-width: 800px) 100vw, 800px\" \/><\/p>\n<hr \/>\n<h4>10\/11\/2025 Beau succ\u00e8s pour notre 1er concours en salle avec 95 inscrits<\/h4>\n<p><a href=\"https:\/\/www.flickr.com\/photos\/143592560@N02\/albums\/72177720330260304\/with\/54915154246\" target=\"_blank\" rel=\"noopener\"><span style=\"color: #0000ff;\"><strong>voir l&rsquo;album dans une nouvelle page<\/strong><\/span><\/a><\/p>\n<hr \/>\n<h4>30\/10\/2025 Les Archers du Soleil ont f\u00eat\u00e9 Halloween <span style=\"color: #0000ff;\"><a style=\"color: #0000ff;\" href=\"https:\/\/www.flickr.com\/photos\/143592560@N02\/albums\/72177720330028276\/\" target=\"_blank\" rel=\"noopener\">(plus de photos)<\/a><\/span><\/h4>\n<p><img loading=\"lazy\" decoding=\"async\" class=\"alignnone size-full wp-image-988\" src=\"https:\/\/archersdusoleilfrontignan.fr\/cms\/wp-content\/uploads\/Halloween2025.jpg\" alt=\"\" width=\"800\" height=\"950\" srcset=\"https:\/\/archersdusoleilfrontignan.fr\/cms\/wp-content\/uploads\/Halloween2025.jpg 800w, https:\/\/archersdusoleilfrontignan.fr\/cms\/wp-content\/uploads\/Halloween2025-253x300.jpg 253w, https:\/\/archersdusoleilfrontignan.fr\/cms\/wp-content\/uploads\/Halloween2025-768x912.jpg 768w, https:\/\/archersdusoleilfrontignan.fr\/cms\/wp-content\/uploads\/Halloween2025-227x270.jpg 227w\" sizes=\"auto, (max-width: 800px) 100vw, 800px\" \/><\/p>\n<hr \/>\n<p>&nbsp;<\/p>\n<h4><\/h4>\n<h4>05\/09\/2025 Informations de rentr\u00e9e<\/h4>\n<p><span style=\"font-family: Arial, sans-serif;\">Le d\u00e9but des entra\u00eenements commence lundi 08 septembre.<\/span><\/p>\n<p><span style=\"font-family: Arial, sans-serif;\">Voici le planning <span style=\"color: #0000ff;\"><strong><a style=\"color: #0000ff;\" href=\"https:\/\/archersdusoleilfrontignan.fr\/cms\/wp-content\/uploads\/2025-2026PlanningSalleV1.pdf\" target=\"_blank\" rel=\"noopener\">(dans une nouvelle fen\u00eatre)<\/a> <\/strong><\/span>.<\/span><\/p>\n<p><span style=\"font-family: Arial, sans-serif;\">Certaines s\u00e9ances peuvent \u00eatre annul\u00e9es selon la disponibilit\u00e9 des responsables ou encore l\u2019indisponibilit\u00e9 de la salle<\/span><\/p>\n<p><span style=\"font-family: Arial, sans-serif;\">Pour information, des portes ouvertes sont organis\u00e9es pour des nouveaux adh\u00e9rents les lundi 8 septembre 17h30 \u201320H00, mercredi 10H-12H et jeudi 17H30 \u2013 20H00 \u00e0 Soubrier.<\/span><\/p>\n<p><span style=\"font-family: Arial, sans-serif;\">Les Archers du Soleil serons aussi pr\u00e9sents \u00e0 la journ\u00e9e des associations de Frontignan le dimanche 7 septembre de 9H \u00e0 14H.<\/span><\/p>\n<hr \/>\n<h4>25\/07\/2025 Bient\u00f4t la rentr\u00e9e !!<\/h4>\n<p><span style=\"color: #333399;\"><strong><a style=\"color: #333399;\" href=\"https:\/\/archersdusoleilfrontignan.fr\/cms\/informations\/tarifs-inscriptions\/\" target=\"_blank\" rel=\"noopener\">Voir informations (tarifs, inscriptions&#8230;.) dans une nouvelle fen\u00eatre<\/a><\/strong><\/span><\/p>\n<p><img loading=\"lazy\" decoding=\"async\" class=\"alignnone size-full wp-image-916\" src=\"https:\/\/archersdusoleilfrontignan.fr\/cms\/wp-content\/uploads\/rentree202601.jpg\" alt=\"\" width=\"600\" height=\"600\" srcset=\"https:\/\/archersdusoleilfrontignan.fr\/cms\/wp-content\/uploads\/rentree202601.jpg 600w, https:\/\/archersdusoleilfrontignan.fr\/cms\/wp-content\/uploads\/rentree202601-300x300.jpg 300w, https:\/\/archersdusoleilfrontignan.fr\/cms\/wp-content\/uploads\/rentree202601-150x150.jpg 150w, https:\/\/archersdusoleilfrontignan.fr\/cms\/wp-content\/uploads\/rentree202601-270x270.jpg 270w\" sizes=\"auto, (max-width: 600px) 100vw, 600px\" \/><\/p>\n<hr \/>\n<h4>14\/06\/2025 RJ la finale au Cres 4 archers pr\u00e9sents 4 podiums et 2 titres et encore une 1\u00e8re place par \u00e9quipe, un tr\u00e8s grand bravo;<\/h4>\n<p><a href=\"https:\/\/www.flickr.com\/photos\/143592560@N02\/albums\/72177720326909653\" target=\"_blank\" rel=\"noopener\"><span style=\"color: #000080;\"><strong>Voir l&rsquo;album photos dans une nouvelle page)<\/strong><\/span><\/a><\/p>\n<p><img loading=\"lazy\" decoding=\"async\" class=\"alignnone size-full wp-image-907\" src=\"https:\/\/archersdusoleilfrontignan.fr\/cms\/wp-content\/uploads\/RJFinaleLeCres.jpg\" alt=\"\" width=\"720\" height=\"585\" srcset=\"https:\/\/archersdusoleilfrontignan.fr\/cms\/wp-content\/uploads\/RJFinaleLeCres.jpg 720w, https:\/\/archersdusoleilfrontignan.fr\/cms\/wp-content\/uploads\/RJFinaleLeCres-300x244.jpg 300w, https:\/\/archersdusoleilfrontignan.fr\/cms\/wp-content\/uploads\/RJFinaleLeCres-332x270.jpg 332w\" sizes=\"auto, (max-width: 720px) 100vw, 720px\" \/><\/p>\n<hr \/>\n<h4>07 et 08\/06\/2025 Championnat d\u00e9partemental \u00e0 P\u00e9rols, 11 podiums et 5 titres pour les Archers du Soleil<\/h4>\n<p><strong><span style=\"color: #000080;\"><a style=\"color: #000080;\" href=\"https:\/\/www.flickr.com\/photos\/143592560@N02\/albums\/72177720326771300\" target=\"_blank\" rel=\"noopener\">Voir l&rsquo;album photos (dans une nouvelle page)<\/a><\/span><\/strong><\/p>\n<p><img loading=\"lazy\" decoding=\"async\" class=\"alignnone size-full wp-image-905\" src=\"https:\/\/archersdusoleilfrontignan.fr\/cms\/wp-content\/uploads\/PerolsDep.jpg\" alt=\"\" width=\"600\" height=\"955\" srcset=\"https:\/\/archersdusoleilfrontignan.fr\/cms\/wp-content\/uploads\/PerolsDep.jpg 600w, https:\/\/archersdusoleilfrontignan.fr\/cms\/wp-content\/uploads\/PerolsDep-188x300.jpg 188w, https:\/\/archersdusoleilfrontignan.fr\/cms\/wp-content\/uploads\/PerolsDep-170x270.jpg 170w\" sizes=\"auto, (max-width: 600px) 100vw, 600px\" \/><\/p>\n<p>&nbsp;<\/p>\n<hr \/>\n<h4>01\/06\/2025 RJ et concours Lattes, bravo aux jeunes et aux moins jeunes,<\/h4>\n<p><strong><a href=\"https:\/\/www.flickr.com\/photos\/143592560@N02\/albums\/72177720326546145\" target=\"_blank\" rel=\"noopener\"><span style=\"color: #000080;\">plus de photos, voir album dans une nouvelle page<\/span><\/a><\/strong><\/p>\n<p><img loading=\"lazy\" decoding=\"async\" class=\"alignnone size-full wp-image-884\" src=\"https:\/\/archersdusoleilfrontignan.fr\/cms\/wp-content\/uploads\/LattesRJetC.jpg\" alt=\"\" width=\"800\" height=\"863\" srcset=\"https:\/\/archersdusoleilfrontignan.fr\/cms\/wp-content\/uploads\/LattesRJetC.jpg 800w, https:\/\/archersdusoleilfrontignan.fr\/cms\/wp-content\/uploads\/LattesRJetC-278x300.jpg 278w, https:\/\/archersdusoleilfrontignan.fr\/cms\/wp-content\/uploads\/LattesRJetC-768x828.jpg 768w, https:\/\/archersdusoleilfrontignan.fr\/cms\/wp-content\/uploads\/LattesRJetC-250x270.jpg 250w\" sizes=\"auto, (max-width: 800px) 100vw, 800px\" \/><\/p>\n<hr \/>\n<h4>01\/05\/2025 Tir du Roy, bravo au Roy, au Prince, au Roitelet et \u00e0 l&rsquo;Oiselet<\/h4>\n<h4><a href=\"https:\/\/www.flickr.com\/photos\/143592560@N02\/albums\/72177720325919242\" target=\"_blank\" rel=\"noopener\"><span style=\"color: #000080;\">Voir l&rsquo;album (dans une nouvelle page)<\/span><\/a><\/h4>\n<p><img loading=\"lazy\" decoding=\"async\" class=\"alignnone size-full wp-image-862\" src=\"https:\/\/archersdusoleilfrontignan.fr\/cms\/wp-content\/uploads\/TirDuRoy.jpg\" alt=\"\" width=\"640\" height=\"427\" srcset=\"https:\/\/archersdusoleilfrontignan.fr\/cms\/wp-content\/uploads\/TirDuRoy.jpg 640w, https:\/\/archersdusoleilfrontignan.fr\/cms\/wp-content\/uploads\/TirDuRoy-300x200.jpg 300w, https:\/\/archersdusoleilfrontignan.fr\/cms\/wp-content\/uploads\/TirDuRoy-360x240.jpg 360w\" sizes=\"auto, (max-width: 640px) 100vw, 640px\" \/><\/p>\n<p>&nbsp;<\/p>\n<hr \/>\n<h4>05\/04\/2025<\/h4>\n<h4><a href=\"https:\/\/www.ffta.fr\/actualites\/dans-les-roues-de-la-famille-communaudat\" target=\"_blank\" rel=\"noopener\"><span style=\"color: #0000ff;\">Dans les roues de la famille Communaudat (actualit\u00e9s FFTA dans une nouvelle page)<\/span><\/a><\/h4>\n<h4><\/h4>\n<hr \/>\n<h4>22\/02\/2025 AG CRTAO \u00e0 Carcasonne , les clubs labelis\u00e9s<\/h4>\n<p><img loading=\"lazy\" decoding=\"async\" class=\"alignnone size-full wp-image-773\" src=\"https:\/\/archersdusoleilfrontignan.fr\/cms\/wp-content\/uploads\/AgCrtaoLabel.jpg\" alt=\"\" width=\"640\" height=\"380\" srcset=\"https:\/\/archersdusoleilfrontignan.fr\/cms\/wp-content\/uploads\/AgCrtaoLabel.jpg 640w, https:\/\/archersdusoleilfrontignan.fr\/cms\/wp-content\/uploads\/AgCrtaoLabel-300x178.jpg 300w, https:\/\/archersdusoleilfrontignan.fr\/cms\/wp-content\/uploads\/AgCrtaoLabel-360x214.jpg 360w\" sizes=\"auto, (max-width: 640px) 100vw, 640px\" \/><\/p>\n<hr \/>\n<h4>15\/02\/2025 &#8211; Passage de fl\u00e8ches<\/h4>\n<h4>Bravo \u00e0 tous <span style=\"color: #0000ff;\"><a style=\"color: #0000ff;\" href=\"https:\/\/www.flickr.com\/photos\/143592560@N02\/albums\/72177720323836875\/\" target=\"_blank\" rel=\"noopener\">Voir l&rsquo;album (dans une nouvelle fen\u00eatre)<\/a><\/span><\/h4>\n<h4><img loading=\"lazy\" decoding=\"async\" class=\"alignnone size-full wp-image-763\" src=\"https:\/\/archersdusoleilfrontignan.fr\/cms\/wp-content\/uploads\/PassageFlechesFev25.jpg\" alt=\"\" width=\"800\" height=\"515\" srcset=\"https:\/\/archersdusoleilfrontignan.fr\/cms\/wp-content\/uploads\/PassageFlechesFev25.jpg 800w, https:\/\/archersdusoleilfrontignan.fr\/cms\/wp-content\/uploads\/PassageFlechesFev25-300x193.jpg 300w, https:\/\/archersdusoleilfrontignan.fr\/cms\/wp-content\/uploads\/PassageFlechesFev25-768x494.jpg 768w, https:\/\/archersdusoleilfrontignan.fr\/cms\/wp-content\/uploads\/PassageFlechesFev25-360x232.jpg 360w\" sizes=\"auto, (max-width: 800px) 100vw, 800px\" \/><\/h4>\n<hr \/>\n<h4>14\/02\/2025\u00a0 &#8211;\u00a0 Article Thau info sur le Archers du Soleil<\/h4>\n<h4><span style=\"color: #0000ff;\"><a style=\"color: #0000ff;\" href=\"https:\/\/thau-infos.fr\/index.php\/commune\/frontignan\/206630-une-saison-debordante-pour-les-archers-du-soleil-de-frontignan\" target=\"_blank\" rel=\"noopener\">Voir dans une nouvelle page<\/a><\/span><\/h4>\n<hr \/>\n<h4>10\/02\/2025 &#8211; Championnat r\u00e9gional \u00e0 Muret les 8 et 9 f\u00e9vrier 2025<\/h4>\n<p>Nos jeunes se sont bien battus dans les duels et ont obtenu\u00a0 une m\u00e9daille d&rsquo;Argent pour Ana\u00e9 et une m\u00e9daille de bronze pour Manel et Marie.<\/p>\n<h4><span style=\"color: #0000ff;\"><a style=\"color: #0000ff;\" href=\"https:\/\/www.flickr.com\/photos\/143592560@N02\/albums\/72177720323755904\" target=\"_blank\" rel=\"noopener\">voir l&rsquo;album (nouvelle fen\u00eatre)<\/a><\/span><\/h4>\n<p><img loading=\"lazy\" decoding=\"async\" class=\"alignnone size-full wp-image-750\" src=\"https:\/\/archersdusoleilfrontignan.fr\/cms\/wp-content\/uploads\/Muret.jpg\" alt=\"\" width=\"704\" height=\"368\" srcset=\"https:\/\/archersdusoleilfrontignan.fr\/cms\/wp-content\/uploads\/Muret.jpg 704w, https:\/\/archersdusoleilfrontignan.fr\/cms\/wp-content\/uploads\/Muret-300x157.jpg 300w, https:\/\/archersdusoleilfrontignan.fr\/cms\/wp-content\/uploads\/Muret-360x188.jpg 360w\" sizes=\"auto, (max-width: 704px) 100vw, 704px\" \/><\/p>\n<hr \/>\n<h4>27\/01\/2025 &#8211; Championnat d\u00e9partemental \u00e0 Lunel les 25 et 26 janvier 2025<\/h4>\n<h4>Voir<a href=\"https:\/\/www.flickr.com\/photos\/143592560@N02\/albums\/72177720323426411\" target=\"_blank\" rel=\"noopener\"> l&rsquo;album (nouvelle fen\u00eatre)<\/a><\/h4>\n<p><img loading=\"lazy\" decoding=\"async\" class=\"size-full wp-image-717 alignnone\" src=\"https:\/\/archersdusoleilfrontignan.fr\/cms\/wp-content\/uploads\/LunelDep.jpg\" alt=\"\" width=\"480\" height=\"273\" srcset=\"https:\/\/archersdusoleilfrontignan.fr\/cms\/wp-content\/uploads\/LunelDep.jpg 480w, https:\/\/archersdusoleilfrontignan.fr\/cms\/wp-content\/uploads\/LunelDep-300x171.jpg 300w, https:\/\/archersdusoleilfrontignan.fr\/cms\/wp-content\/uploads\/LunelDep-360x205.jpg 360w\" sizes=\"auto, (max-width: 480px) 100vw, 480px\" \/><\/p>\n<p>&nbsp;<\/p>\n<p>&nbsp;<\/p>\n<hr \/>\n<h4>10\/01\/2025 &#8211; Les talents sportifs : les archers du soleil r\u00e9compens\u00e9s<\/h4>\n<p><img loading=\"lazy\" decoding=\"async\" class=\"alignnone size-large wp-image-625\" src=\"https:\/\/archersdusoleilfrontignan.fr\/cms\/wp-content\/uploads\/talentsSportifs2025-1024x593.jpg\" alt=\"\" width=\"640\" height=\"371\" srcset=\"https:\/\/archersdusoleilfrontignan.fr\/cms\/wp-content\/uploads\/talentsSportifs2025-1024x593.jpg 1024w, https:\/\/archersdusoleilfrontignan.fr\/cms\/wp-content\/uploads\/talentsSportifs2025-300x174.jpg 300w, https:\/\/archersdusoleilfrontignan.fr\/cms\/wp-content\/uploads\/talentsSportifs2025-768x445.jpg 768w, https:\/\/archersdusoleilfrontignan.fr\/cms\/wp-content\/uploads\/talentsSportifs2025-1536x889.jpg 1536w, https:\/\/archersdusoleilfrontignan.fr\/cms\/wp-content\/uploads\/talentsSportifs2025-360x208.jpg 360w, https:\/\/archersdusoleilfrontignan.fr\/cms\/wp-content\/uploads\/talentsSportifs2025.jpg 1596w\" sizes=\"auto, (max-width: 640px) 100vw, 640px\" \/><\/p>\n<hr \/>\n<h4 class=\"Wp-Corps-de-texte-P\"><span class=\"Corps-de-texte-C\">16\/12\/2024 &#8211; Concours des 14 et 15 d\u00e9cembre 2024<\/span><\/h4>\n<p><span style=\"text-decoration: underline;\"><span style=\"color: #0000ff;\"><strong><a style=\"color: #0000ff; text-decoration: underline;\" href=\"https:\/\/www.flickr.com\/photos\/143592560@N02\/albums\/72177720322612223\/\" target=\"_blank\" rel=\"noopener\">Voir l&rsquo;album photo<\/a><\/strong><\/span><\/span> (nouvelle fen\u00eatre)<\/p>\n<p><img loading=\"lazy\" decoding=\"async\" class=\"alignnone size-full wp-image-392\" src=\"https:\/\/archersdusoleilfrontignan.fr\/cms\/wp-content\/uploads\/concours-12-2024.jpg\" alt=\"\" width=\"460\" height=\"322\" srcset=\"https:\/\/archersdusoleilfrontignan.fr\/cms\/wp-content\/uploads\/concours-12-2024.jpg 460w, https:\/\/archersdusoleilfrontignan.fr\/cms\/wp-content\/uploads\/concours-12-2024-300x210.jpg 300w, https:\/\/archersdusoleilfrontignan.fr\/cms\/wp-content\/uploads\/concours-12-2024-360x252.jpg 360w\" sizes=\"auto, (max-width: 460px) 100vw, 460px\" \/><\/p>\n<hr \/>\n<h4 class=\"Wp-Corps-de-texte-P\"><span class=\"Corps-de-texte-C\">21\/10\/2024 &#8211; Halloween<\/span><\/h4>\n<p><span style=\"text-decoration: underline;\"><span style=\"color: #0000ff;\"><strong><a style=\"color: #0000ff; text-decoration: underline;\" href=\"https:\/\/www.flickr.com\/photos\/143592560@N02\/albums\/72177720321473145\/\" target=\"_blank\" rel=\"noopener\">Voir l&rsquo;album photo<\/a><\/strong><\/span><\/span> (nouvelle fen\u00eatre)<\/p>\n<p><img loading=\"lazy\" decoding=\"async\" class=\"alignnone size-full wp-image-389\" src=\"https:\/\/archersdusoleilfrontignan.fr\/cms\/wp-content\/uploads\/taaHalloween.jpg\" alt=\"\" width=\"458\" height=\"232\" srcset=\"https:\/\/archersdusoleilfrontignan.fr\/cms\/wp-content\/uploads\/taaHalloween.jpg 458w, https:\/\/archersdusoleilfrontignan.fr\/cms\/wp-content\/uploads\/taaHalloween-300x152.jpg 300w, https:\/\/archersdusoleilfrontignan.fr\/cms\/wp-content\/uploads\/taaHalloween-360x182.jpg 360w\" sizes=\"auto, (max-width: 458px) 100vw, 458px\" \/><\/p>\n<hr \/>\n<h4 class=\"Wp-Corps-de-texte-P\"><span class=\"Corps-de-texte-C\">21\/08\/2024<\/span><\/h4>\n<p><img loading=\"lazy\" decoding=\"async\" class=\"wp-image-165 alignleft\" src=\"https:\/\/archersdusoleilfrontignan.fr\/cms\/wp-content\/uploads\/wpaf9cd0c8_06.jpg\" alt=\"\" width=\"230\" height=\"230\" srcset=\"https:\/\/archersdusoleilfrontignan.fr\/cms\/wp-content\/uploads\/wpaf9cd0c8_06.jpg 404w, https:\/\/archersdusoleilfrontignan.fr\/cms\/wp-content\/uploads\/wpaf9cd0c8_06-300x300.jpg 300w, https:\/\/archersdusoleilfrontignan.fr\/cms\/wp-content\/uploads\/wpaf9cd0c8_06-150x150.jpg 150w, https:\/\/archersdusoleilfrontignan.fr\/cms\/wp-content\/uploads\/wpaf9cd0c8_06-270x270.jpg 270w\" sizes=\"auto, (max-width: 230px) 100vw, 230px\" \/><\/p>\n<p class=\"Wp-Corps-de-texte-P\"><span class=\"Corps-de-texte-C-C0\">Voici venir la rentr\u00e9e du tir \u00e0 l&rsquo;arc avec quelques dates\u00a0:<\/span><\/p>\n<p class=\"Wp-Corps-de-texte-P\"><span class=\"Corps-de-texte-C-C0\">Tout d&rsquo;abord, la r\u00e9inscription se fera\u00a0<\/span><span class=\"Corps-de-texte-C-C1\">le <strong>mercredi 04 septembre<\/strong>\u00a0<\/span><span class=\"Corps-de-texte-C-C0\">au boulodrome \u00e0 partir de 17H (Ne pas rentrer dans le gymnase Soubrier).<\/span><\/p>\n<p class=\"Wp-Corps-de-texte-P\"><span class=\"Corps-de-texte-C-C0\">Nous serons \u00e0 la journ\u00e9e des associations de la ville de Frontignan\u00a0<\/span><span class=\"Corps-de-texte-C-C1\">le <strong>dimanche 8 septembre<\/strong>\u00a0<\/span><span class=\"Corps-de-texte-C-C0\">dans le quartier de La Peyrade .<\/span><\/p>\n<p class=\"Corps-P\"><span class=\"Corps-C\">Nous organisons une journ\u00e9e Portes Ouvertes\u00a0<\/span><span class=\"Corps-C-C0\">le <strong>samedi 14 septembre<\/strong> de 13H30 \u00e0 17H \u00e0\u00a0SOUBRIER<\/span><span class=\"Corps-C\"> o\u00f9 toute aide sera bien accueillie.<\/span><\/p>\n<p>&nbsp;<\/p>\n<hr \/>\n<h4 class=\"Corps-P\"><span class=\"Corps-C-C1\">21\/08\/2024\u00a0<\/span><\/h4>\n<p class=\"Corps-P\"><span class=\"Corps-C-C0\">L\u2019Assembl\u00e9e G\u00e9n\u00e9rale<\/span><span class=\"Corps-C\">\u00a0\u00a0du club se tiendra le <strong>samedi 14 septembre 2024<\/strong> de 10h30 \u00e0 12h00 salle Soubrier<\/span><\/p>\n<hr \/>\n<h4 class=\"Corps-P\"><span class=\"Corps-C\">19\/06\/2024<\/span><\/h4>\n<h2 class=\"Corps-P\"><strong><span class=\"Corps-C-C1\">Merci \u00e0 tous pour ce tr\u00e8s beau week-end<\/span><\/strong><\/h2>\n<p class=\"Wp-Corps-de-texte-P\"><span class=\"Corps-de-texte-C\">Comme vous devez le savoir, nous avons organis\u00e9 samedi 15 juin une rencontre jeunes pour la finale d\u00e9partementale. Le soleil \u00e9tait au rendez vous. F\u00e9licitations aux jeunes archers frontignanais qui se sont bien battus et ont obtenu 8 m\u00e9dailles (1 or, 3 argent et 4 bronze) avec une championne d\u00e9partementale niveau 1 fille Marie C. Les 2 \u00e9quipes de Frontignan ont brillamment gagn\u00e9 dans les 2 cat\u00e9gories poussins et niveau.<\/span><\/p>\n<p class=\"Wp-Corps-de-texte-P\"><span class=\"Corps-de-texte-C\">Le lendemain, on organisait aussi une comp\u00e9tition officielle o\u00f9 75 archers s&rsquo;\u00e9taient donn\u00e9 rendez- vous.<\/span><\/p>\n<p class=\"Wp-Corps-de-texte-P\"><span class=\"Corps-de-texte-C-C0\">Un grand merci pour nos b\u00e9n\u00e9voles qui viennent toujours nous aider quand nous sollicitons leur aide.<\/span><\/p>\n<p class=\"Wp-Corps-de-texte-P\"><span class=\"Corps-de-texte-C\">Merci tout d&rsquo;abord \u00e0 toutes les mamans et les papas pour leurs nombreuses cr\u00eapes et g\u00e2teaux<\/span><span class=\"Accentuation-forte-C\">\u00a0<\/span><span class=\"Accentuation-forte-C-C0\">qui ont pu \u00eatre\u00a0propos\u00e9s \u00e0 la buvette.<\/span><\/p>\n<p class=\"Wp-Corps-de-texte-P\"><span class=\"Corps-de-texte-C\">Nous sommes touch\u00e9s par ceux qui s&rsquo;investissent au sein du Club afin de rendre toujours possible ce type d&rsquo;\u00e9v\u00e9nement. D&rsquo;ores et d\u00e9j\u00e0 nous devons pr\u00e9parer la saison prochaine et je peux vous annoncer que nous organiserons 1 comp\u00e9tition en salle \u00e0 Soubrier et peut \u00eatre aussi une \u00a0comp\u00e9tition en ext\u00e9rieur.<\/span><\/p>\n<p><img loading=\"lazy\" decoding=\"async\" class=\"alignnone wp-image-25 size-full\" src=\"https:\/\/archersdusoleilfrontignan.fr\/cms\/wp-content\/uploads\/accueil20240619.jpg\" alt=\"\" width=\"400\" height=\"369\" srcset=\"https:\/\/archersdusoleilfrontignan.fr\/cms\/wp-content\/uploads\/accueil20240619.jpg 400w, https:\/\/archersdusoleilfrontignan.fr\/cms\/wp-content\/uploads\/accueil20240619-300x277.jpg 300w, https:\/\/archersdusoleilfrontignan.fr\/cms\/wp-content\/uploads\/accueil20240619-293x270.jpg 293w\" sizes=\"auto, (max-width: 400px) 100vw, 400px\" \/><\/p>\n<hr \/>\n<p>25\/05\/2024<\/p>\n<h2>RJ BEZIERS <span style=\"color: #0000ff;\"><a style=\"color: #0000ff;\" href=\"https:\/\/www.flickr.com\/photos\/143592560@N02\/albums\/72177720317388035\" target=\"_blank\" rel=\"noopener\"><u>Voir les photos<\/u><\/a><\/span><\/h2>\n<hr \/>\n<p>04 mai 2024<\/p>\n<h2>Tir du Roy<\/h2>\n<p>Bravo au Roy, au Roitelet et au Prince et f\u00e9licitations \u00e0 Yolande pour son titre de Connetable.<\/p>\n<p><strong><span style=\"color: #0000ff;\"><a style=\"color: #0000ff;\" href=\"https:\/\/www.flickr.com\/photos\/143592560@N02\/albums\/72177720316694246\/\" target=\"_blank\" rel=\"noopener\"><u>Plus de photos sur l\u2019album<\/u><\/a><\/span><\/strong><\/p>\n<p><img loading=\"lazy\" decoding=\"async\" class=\"alignnone size-full wp-image-30\" src=\"https:\/\/archersdusoleilfrontignan.fr\/cms\/wp-content\/uploads\/accueil20240504.jpg\" alt=\"\" width=\"400\" height=\"267\" srcset=\"https:\/\/archersdusoleilfrontignan.fr\/cms\/wp-content\/uploads\/accueil20240504.jpg 400w, https:\/\/archersdusoleilfrontignan.fr\/cms\/wp-content\/uploads\/accueil20240504-300x200.jpg 300w, https:\/\/archersdusoleilfrontignan.fr\/cms\/wp-content\/uploads\/accueil20240504-360x240.jpg 360w\" sizes=\"auto, (max-width: 400px) 100vw, 400px\" \/><\/p>\n<hr \/>\n<p>&nbsp;<\/p>\n","protected":false},"excerpt":{"rendered":"<p>20\/04\/2026 Tir du ROY le 1er mai 2026 &nbsp; 27\/03\/2026 Planning terrain\/salles \u00e0 compter du 1er avril 2026 et r\u00e8gles \u00e0 respecter Voir l&rsquo;onglet Lieux et Horaires 15\/03\/2026 Bravo \u00e0 notre \u00e9quipe mixte pour cette 3\u00e8me place au tournoi de&hellip;&nbsp;<a href=\"https:\/\/archersdusoleilfrontignan.fr\/cms\/\" class=\"more-link\">Lire la suite<\/a><\/p>\n","protected":false},"author":1,"featured_media":0,"parent":0,"menu_order":0,"comment_status":"closed","ping_status":"open","template":"","meta":{"footnotes":""},"class_list":["post-2","page","type-page","status-publish","hentry"],"_links":{"self":[{"href":"https:\/\/archersdusoleilfrontignan.fr\/cms\/wp-json\/wp\/v2\/pages\/2","targetHints":{"allow":["GET"]}}],"collection":[{"href":"https:\/\/archersdusoleilfrontignan.fr\/cms\/wp-json\/wp\/v2\/pages"}],"about":[{"href":"https:\/\/archersdusoleilfrontignan.fr\/cms\/wp-json\/wp\/v2\/types\/page"}],"author":[{"embeddable":true,"href":"https:\/\/archersdusoleilfrontignan.fr\/cms\/wp-json\/wp\/v2\/users\/1"}],"replies":[{"embeddable":true,"href":"https:\/\/archersdusoleilfrontignan.fr\/cms\/wp-json\/wp\/v2\/comments?post=2"}],"version-history":[{"count":125,"href":"https:\/\/archersdusoleilfrontignan.fr\/cms\/wp-json\/wp\/v2\/pages\/2\/revisions"}],"predecessor-version":[{"id":1106,"href":"https:\/\/archersdusoleilfrontignan.fr\/cms\/wp-json\/wp\/v2\/pages\/2\/revisions\/1106"}],"wp:attachment":[{"href":"https:\/\/archersdusoleilfrontignan.fr\/cms\/wp-json\/wp\/v2\/media?parent=2"}],"curies":[{"name":"wp","href":"https:\/\/api.w.org\/{rel}","templated":true}]}}